{"id":189,"date":"2014-03-29T20:15:31","date_gmt":"2014-03-29T20:15:31","guid":{"rendered":"http:\/\/antonios-antoniou.gr\/en\/?page_id=189"},"modified":"2014-11-06T11:23:43","modified_gmt":"2014-11-06T11:23:43","slug":"publications-in-international-conferences-proceedings","status":"publish","type":"page","link":"https:\/\/www.antonios-antoniou.gr\/en\/research-project\/publications\/publications-in-international-conferences-proceedings","title":{"rendered":"Publications in International Conferences\u2019 Proceedings"},"content":{"rendered":"<ol start=\"1\">\n<li style=\"text-align: justify;\"><b><span style=\"text-decoration: underline;\">Antoniou, A.,<\/span><\/b><b> Danezis E., Lyratzi, E.,Popovi\u0107, L. \u010c., Dimitrijevi\u0107, M. S. and Stathopoulos, D.:<\/b><b> <\/b>\u201c<i>Studding the origin of SACs and DACs in the spectra of hot emission stars\u201d,<\/i> Joint European and National Astronomical Meeting (JENAM 2010), September 2010, Lisbon, Portugal.<\/li>\n<li style=\"text-align: justify;\"><b>Lyratzi, E.,Danezis E., Popovi\u0107, L. \u010c., Dimitrijevi\u0107, M. S.<\/b><b> <\/b><b>and <\/b><b><span style=\"text-decoration: underline;\">Antoniou, A.,<\/span><\/b><b>: \u201c<\/b><i>DACs and SACs in the spectra of the quasars PG 0946+301 and PG 1254+047\u201d<\/i> Joint European and National Astronomical Meeting (JENAM 2010), September 2010, Lisbon, Portugal.<\/li>\n<li style=\"text-align: justify;\"><b style=\"line-height: 1.5;\">Danezis, E., Lyratzi, E., Popovi\u0107, L. \u010c., Dimitrijevi\u0107, M. S. &amp; <span style=\"text-decoration: underline;\">Antoniou, A.:<\/span><\/b><span style=\"line-height: 1.5;\"> \u201c<\/span><i style=\"line-height: 1.5;\">DACs\/SACs phenomena in astrophysical spectra\u201d<\/i><span style=\"line-height: 1.5;\">, Joint European and National Astronomical Meeting (JENAM 2008), Sept. 8 to 12, 2008, Vienna, Austria.<\/span><\/li>\n<li style=\"text-align: justify;\"><b style=\"line-height: 1.5;\">Lyratzi, E., Danezis, E., Popovi\u0107, L. \u010c., Dimitrijevi\u0107, M. S. &amp; <span style=\"text-decoration: underline;\">Antoniou, A.:<\/span><\/b><span style=\"line-height: 1.5;\"> \u201c<\/span><i style=\"line-height: 1.5;\">An analysis of C IV and Si IV lines in the spectra of the quasars PG 0946+301 and PG 1254+047\u201d<\/i><span style=\"line-height: 1.5;\">, Joint European and National Astronomical Meeting (JENAM 2008), Sept. 8 to 12, 2008, Vienna, Austria.<\/span><\/li>\n<li style=\"text-align: justify;\"><b style=\"line-height: 1.5;\">Danezis, E., Lyratzi, E., Nikolaidis, D., <span style=\"text-decoration: underline;\">Antoniou, A.,<\/span> Popovi\u0107, L. \u010c. &amp; Dimitrijevi\u0107, M. S.:<i> \u201c<\/i><\/b><i style=\"line-height: 1.5;\">The SACs Broadening<\/i><span style=\"line-height: 1.5;\">\u201d 23<sup>rd<\/sup> Summer School and International Symposium on the Physics of Ionized Gases (SPIG 2006), 28<sup>th<\/sup> August &#8211; 1<sup>st<\/sup> September 2006, Kopaonik, Serbia.<\/span><\/li>\n<li style=\"text-align: justify;\"><b style=\"line-height: 1.5;\">Lyratzi, E., Danezis, E., Nikolaidis, D., <span style=\"text-decoration: underline;\">Antoniou, A.,<\/span> Popovi\u0107, L. \u010c., Dimitrijevi\u0107, M. S. &amp; Theodossiou, E.:<\/b><span style=\"line-height: 1.5;\"> \u201c<\/span><i style=\"line-height: 1.5;\">The<\/i><i style=\"line-height: 1.5;\"> Photospheric And The Respective <\/i><i style=\"line-height: 1.5;\">Si <\/i><i style=\"line-height: 1.5;\">IV Regions&#8217; Rotational Velocities In 27 Be Stars\u201d<\/i><span style=\"line-height: 1.5;\">, 23<sup>rd<\/sup> Summer School and International Symposium on the Physics of Ionized Gases, (SPIG 2006), 28<sup>th<\/sup> August &#8211; 1<sup>st<\/sup> September 2006, Kopaonik, Serbia.<\/span><\/li>\n<li style=\"text-align: justify;\"><b style=\"line-height: 1.5;\">Nikolaidis, D., Danezis, E., <\/b><b style=\"line-height: 1.5;\">Lyratzi, E.<\/b><b style=\"line-height: 1.5;\">, Popovi\u0107, L. \u010c., <span style=\"text-decoration: underline;\">Antoniou, A.<\/span> Dimitrijevi\u0107, M. S. <\/b><b style=\"line-height: 1.5;\">&amp; <\/b><b style=\"line-height: 1.5;\">Theodossiou, E.<\/b><b style=\"line-height: 1.5;\">:<\/b><span style=\"line-height: 1.5;\"> \u201c<\/span><i style=\"line-height: 1.5;\">A Study Of DACs And SACs Regions In The Atmospheres Of Hot Emissions Stars\u201d<\/i><span style=\"line-height: 1.5;\">, 23<sup>rd<\/sup> Summer School and International Symposium on the Physics of Ionized Gases, (SPIG 2006), 28<sup>th<\/sup> August &#8211; 1<sup>st<\/sup> September 2006, Kopaonik, Serbia.<\/span><\/li>\n<li style=\"text-align: justify;\"><b style=\"line-height: 1.5;\"><span style=\"text-decoration: underline;\">Antoniou, A.,<\/span><\/b><b style=\"line-height: 1.5;\"> Danezis, E., Lyratzi, E., Nikolaidis, D., Popovi\u0107, L. \u010c., Dimitrijevi\u0107, M. S. &amp; Theodossiou, E.:<\/b><span style=\"line-height: 1.5;\"> \u201c<\/span><i style=\"line-height: 1.5;\">The<\/i><i style=\"line-height: 1.5;\"> Photospheric And The Respective C IV Regions&#8217; Rotational Velocities In 20 Oe Stars\u201d<\/i><span style=\"line-height: 1.5;\">, 23rd Summer School and International Symposium on the Physics of Ionized Gases, (SPIG 2006), 28<sup>th<\/sup> August &#8211; 1<sup>st<\/sup> September 2006, Kopaonik, Serbia.<\/span><\/li>\n<li style=\"text-align: justify;\"><b style=\"line-height: 1.5;\">Lyratzi, E., Danezis, E., Popovi\u0107, L. \u010c., Dimitrijevi\u0107, M. S., Nikolaidis, D., Soulikias, A., <span style=\"text-decoration: underline;\">Antoniou, A.<\/span> &amp; Stathopoulou, M.: \u201c<\/b><i style=\"line-height: 1.5;\">The complex structure of the SiIV <\/i><i style=\"line-height: 1.5;\">\u03bb\u03bb 1393.73, 1402.73 A regions of 57 BeV stars\u201d,<\/i><span style=\"line-height: 1.5;\"> JENAM 2004, September 13-17, 2004, Granada, Spain.<\/span><\/li>\n<li style=\"text-align: justify;\"><b style=\"line-height: 1.5;\">Danezis, E., <span style=\"text-decoration: underline;\">Antoniou, A.,<\/span> Popovi\u0107, L. \u010c., Dimitrijevi\u0107, M. S., Lyratzi, E., Nikolaidis, D., Soulikias, A. &amp; Theodossiou, E.: \u201c<\/b><i style=\"line-height: 1.5;\">Satellite Absorption Components of the UV spectral lines SiIV, CIV, NV, and NIV in the atmosphere of the Oe star HD 175754\u201d<\/i><i style=\"line-height: 1.5;\">,<\/i><span style=\"line-height: 1.5;\"> JENAM 2004, September 13-17, 2004, Granada, Spain.<\/span><\/li>\n<li style=\"text-align: justify;\"><b style=\"line-height: 1.5;\">Danezis<\/b><b style=\"line-height: 1.5;\">, <\/b><b style=\"line-height: 1.5;\">E<\/b><b style=\"line-height: 1.5;\">., <\/b><b style=\"line-height: 1.5;\">Lyratzi<\/b><b style=\"line-height: 1.5;\">, <\/b><b style=\"line-height: 1.5;\">E<\/b><b style=\"line-height: 1.5;\">., <\/b><b style=\"line-height: 1.5;\">Popovi<\/b><b style=\"line-height: 1.5;\">\u0107, <\/b><b style=\"line-height: 1.5;\">L<\/b><b style=\"line-height: 1.5;\">. \u010c., <\/b><b style=\"line-height: 1.5;\">Dimitrijevi<\/b><b style=\"line-height: 1.5;\">\u0107, <\/b><b style=\"line-height: 1.5;\">M<\/b><b style=\"line-height: 1.5;\">. <\/b><b style=\"line-height: 1.5;\">S<\/b><b style=\"line-height: 1.5;\">., <\/b><b style=\"line-height: 1.5;\">Christou<\/b><b style=\"line-height: 1.5;\">, <\/b><b style=\"line-height: 1.5;\">G<\/b><b style=\"line-height: 1.5;\">., <\/b><b style=\"line-height: 1.5;\">Soulikias<\/b><b style=\"line-height: 1.5;\">, <\/b><b style=\"line-height: 1.5;\">A<\/b><b style=\"line-height: 1.5;\">. &amp; <\/b><b style=\"line-height: 1.5;\"><span style=\"text-decoration: underline;\">Antoniou<\/span><\/b><b style=\"line-height: 1.5;\"><span style=\"text-decoration: underline;\">, <\/span><\/b><b style=\"line-height: 1.5;\"><span style=\"text-decoration: underline;\">A<\/span><\/b><b style=\"line-height: 1.5;\"><span style=\"text-decoration: underline;\">.:<\/span><\/b><b style=\"line-height: 1.5;\"> \u201c<\/b><i style=\"line-height: 1.5;\">Satellite<\/i><i style=\"line-height: 1.5;\"> <\/i><i style=\"line-height: 1.5;\">Absorption<\/i><i style=\"line-height: 1.5;\"> <\/i><i style=\"line-height: 1.5;\">Components<\/i><i style=\"line-height: 1.5;\"> <\/i><i style=\"line-height: 1.5;\">of<\/i><i style=\"line-height: 1.5;\"> <\/i><i style=\"line-height: 1.5;\">the<\/i><i style=\"line-height: 1.5;\"> <\/i><i style=\"line-height: 1.5;\">UV<\/i><i style=\"line-height: 1.5;\"> <\/i><i style=\"line-height: 1.5;\">spectral<\/i><i style=\"line-height: 1.5;\"> <\/i><i style=\"line-height: 1.5;\">lines<\/i><i style=\"line-height: 1.5;\"> <\/i><i style=\"line-height: 1.5;\">SiIV<\/i><i style=\"line-height: 1.5;\">, <\/i><i style=\"line-height: 1.5;\">CIV<\/i><i style=\"line-height: 1.5;\">, <\/i><i style=\"line-height: 1.5;\">NV<\/i><i style=\"line-height: 1.5;\">, <\/i><i style=\"line-height: 1.5;\">and<\/i><i style=\"line-height: 1.5;\"> <\/i><i style=\"line-height: 1.5;\">NIV<\/i><i style=\"line-height: 1.5;\"> <\/i><i style=\"line-height: 1.5;\">in<\/i><i style=\"line-height: 1.5;\"> <\/i><i style=\"line-height: 1.5;\">the<\/i><i style=\"line-height: 1.5;\"> <\/i><i style=\"line-height: 1.5;\">atmosphere<\/i><i style=\"line-height: 1.5;\"> <\/i><i style=\"line-height: 1.5;\">of<\/i><i style=\"line-height: 1.5;\"> <\/i><i style=\"line-height: 1.5;\">the<\/i><i style=\"line-height: 1.5;\"> <\/i><i style=\"line-height: 1.5;\">Oe<\/i><i style=\"line-height: 1.5;\"> <\/i><i style=\"line-height: 1.5;\">star<\/i><i style=\"line-height: 1.5;\"> <\/i><i style=\"line-height: 1.5;\">HD<\/i><i style=\"line-height: 1.5;\"> 66811 (<\/i><i style=\"line-height: 1.5;\">\u03b6<\/i><i style=\"line-height: 1.5;\">Pup)\u201d<\/i><span style=\"line-height: 1.5;\">,<\/span><b style=\"line-height: 1.5;\"> <\/b><span style=\"line-height: 1.5;\">JENAM 2004, September, 13-17, 2004, Granada, Spain.<\/span><\/li>\n<li style=\"text-align: justify;\"><b style=\"line-height: 1.5;\">Lyratzi, E., Danezis, E., Popovi\u0107, L. \u010c., Dimitrijevi\u0107, M. S., Nikolaidis, D., Thiedossiou, E., Soulikias, A. &amp; <span style=\"text-decoration: underline;\">Antoniou, A.:<\/span> \u201c<\/b><i style=\"line-height: 1.5;\">The complex structure of the MgII <\/i><i style=\"line-height: 1.5;\">\u03bb\u03bb 2795.523, 2802.698 A regions of 64 Be stars\u201d, <\/i><span style=\"line-height: 1.5;\">17<\/span><sup>th<\/sup><span style=\"line-height: 1.5;\"> International Conference on Spectral Line Shapes (17<\/span><sup>th<\/sup><span style=\"line-height: 1.5;\"> ICSLS), June 21 to 25, 2004, Paris, France.<\/span><\/li>\n<li style=\"text-align: justify;\"><b style=\"line-height: 1.5;\">Lyratzi, E., Danezis, E., Stathopoulou, M., Theodossiou, E., Nikolaidis, <\/b><b style=\"line-height: 1.5;\">D<\/b><b style=\"line-height: 1.5;\">., <\/b><b style=\"line-height: 1.5;\"><span style=\"text-decoration: underline;\">Antoniou, A.,<\/span><\/b><b style=\"line-height: 1.5;\"> Drakopoulos, C., Soulikias, A. &amp; Koutroumanou, M.: \u201c<\/b><i style=\"line-height: 1.5;\">SACs phenomena in MgII regions of<\/i><i style=\"line-height: 1.5;\"> 40 <\/i><i style=\"line-height: 1.5;\">BeV stars\u201d<\/i><i style=\"line-height: 1.5;\">, <\/i><span style=\"line-height: 1.5;\">JENAM 2003, August 25 &#8211; 31, 2003 Budapest, Hungary.<\/span><\/li>\n<li style=\"text-align: justify;\"><b style=\"line-height: 1.5;\">Lyratzi, E., Danezis, E., Stathopoulou, M., Theodossiou, E., Nikolaidis, <\/b><b style=\"line-height: 1.5;\">D., <\/b><b style=\"line-height: 1.5;\"><span style=\"text-decoration: underline;\">Antoniou, A.,<\/span><\/b><b style=\"line-height: 1.5;\"> Drakopoulos, C., Soulikias, A. &amp; Koutroumanou, M.: \u201c<\/b><i style=\"line-height: 1.5;\">SACs phenomena in SiIV regions of 42 BeV stars\u201d<\/i><span style=\"line-height: 1.5;\">, JENAM 2003, August 25 &#8211; 31, 2003 Budapest, Hungary.<\/span><\/li>\n<li style=\"text-align: justify;\"><b style=\"line-height: 1.5;\">Danezis<\/b><b style=\"line-height: 1.5;\">, <\/b><b style=\"line-height: 1.5;\">E<\/b><b style=\"line-height: 1.5;\">., <\/b><b style=\"line-height: 1.5;\"><span style=\"text-decoration: underline;\">Antoniou<\/span><\/b><b style=\"line-height: 1.5;\"><span style=\"text-decoration: underline;\">, <\/span><\/b><b style=\"line-height: 1.5;\"><span style=\"text-decoration: underline;\">A<\/span><\/b><b style=\"line-height: 1.5;\"><span style=\"text-decoration: underline;\">.,<\/span><\/b><b style=\"line-height: 1.5;\"> <\/b><b style=\"line-height: 1.5;\">Lyratzi<\/b><b style=\"line-height: 1.5;\">, <\/b><b style=\"line-height: 1.5;\">E<\/b><b style=\"line-height: 1.5;\">., <\/b><b style=\"line-height: 1.5;\">Theodossiou<\/b><b style=\"line-height: 1.5;\">, <\/b><b style=\"line-height: 1.5;\">E<\/b><b style=\"line-height: 1.5;\">., <\/b><b style=\"line-height: 1.5;\">Stathopoulou<\/b><b style=\"line-height: 1.5;\">, <\/b><b style=\"line-height: 1.5;\">M<\/b><b style=\"line-height: 1.5;\">., <\/b><b style=\"line-height: 1.5;\">Nikolaidis<\/b><b style=\"line-height: 1.5;\">, D., <\/b><b style=\"line-height: 1.5;\">Drakopoulos<\/b><b style=\"line-height: 1.5;\">, <\/b><b style=\"line-height: 1.5;\">C<\/b><b style=\"line-height: 1.5;\">., <\/b><b style=\"line-height: 1.5;\">Soulikias<\/b><b style=\"line-height: 1.5;\">, <\/b><b style=\"line-height: 1.5;\">A<\/b><b style=\"line-height: 1.5;\">. &amp; <\/b><b style=\"line-height: 1.5;\">Koutroumanou<\/b><b style=\"line-height: 1.5;\">, <\/b><b style=\"line-height: 1.5;\">M<\/b><b style=\"line-height: 1.5;\">.: \u201c<\/b><i style=\"line-height: 1.5;\">The complex structure of hyperionization regions of the Oe star HD 175754\u201d<\/i><span style=\"line-height: 1.5;\">, JENAM 2003, August 25 &#8211; 31, 2003 Budapest, Hungary.<\/span><\/li>\n<li style=\"text-align: justify;\"><b style=\"line-height: 1.5;\">Danezis, E., Koutroumanou, M., Lyratzi, E., Theodossiou, E., Stathopoulou, M., Nikolaidis, D., <span style=\"text-decoration: underline;\">Antoniou, A.,<\/span> Drakopoulos, C. &amp; Soulikias, A.:<\/b><span style=\"line-height: 1.5;\"> \u201c<\/span><i style=\"line-height: 1.5;\">The complex structure of SiIV regions of the Oe star <\/i><i style=\"line-height: 1.5;\">\u03bb<\/i><i style=\"line-height: 1.5;\"> Orionis\u201d<\/i><span style=\"line-height: 1.5;\">, JENAM 2003, August 25 &#8211; 31, 2003 Budapest, Hungary.<\/span><\/li>\n<\/ol>\n","protected":false},"excerpt":{"rendered":"<p>Antoniou, A., Danezis E., Lyratzi, E.,Popovi\u0107, L. \u010c., Dimitrijevi\u0107, M. S. and Stathopoulos, D.: \u201cStudding the origin of SACs and DACs in the spectra of hot emission stars\u201d, Joint European and National Astronomical Meeting (JENAM 2010), September 2010, Lisbon, Portugal. Lyratzi, E.,Danezis E., Popovi\u0107, L. \u010c., Dimitrijevi\u0107, M. S. and Antoniou, A.,: \u201cDACs and SACs &hellip; <a href=\"https:\/\/www.antonios-antoniou.gr\/en\/research-project\/publications\/publications-in-international-conferences-proceedings\" class=\"more-link\">Continue reading <span class=\"screen-reader-text\">Publications in International Conferences\u2019 Proceedings<\/span> <span class=\"meta-nav\">&rarr;<\/span><\/a><\/p>\n","protected":false},"author":1,"featured_media":0,"parent":195,"menu_order":3,"comment_status":"open","ping_status":"closed","template":"","meta":{"footnotes":""},"class_list":["post-189","page","type-page","status-publish","hentry"],"_links":{"self":[{"href":"https:\/\/www.antonios-antoniou.gr\/en\/wp-json\/wp\/v2\/pages\/189","targetHints":{"allow":["GET"]}}],"collection":[{"href":"https:\/\/www.antonios-antoniou.gr\/en\/wp-json\/wp\/v2\/pages"}],"about":[{"href":"https:\/\/www.antonios-antoniou.gr\/en\/wp-json\/wp\/v2\/types\/page"}],"author":[{"embeddable":true,"href":"https:\/\/www.antonios-antoniou.gr\/en\/wp-json\/wp\/v2\/users\/1"}],"replies":[{"embeddable":true,"href":"https:\/\/www.antonios-antoniou.gr\/en\/wp-json\/wp\/v2\/comments?post=189"}],"version-history":[{"count":3,"href":"https:\/\/www.antonios-antoniou.gr\/en\/wp-json\/wp\/v2\/pages\/189\/revisions"}],"predecessor-version":[{"id":211,"href":"https:\/\/www.antonios-antoniou.gr\/en\/wp-json\/wp\/v2\/pages\/189\/revisions\/211"}],"up":[{"embeddable":true,"href":"https:\/\/www.antonios-antoniou.gr\/en\/wp-json\/wp\/v2\/pages\/195"}],"wp:attachment":[{"href":"https:\/\/www.antonios-antoniou.gr\/en\/wp-json\/wp\/v2\/media?parent=189"}],"curies":[{"name":"wp","href":"https:\/\/api.w.org\/{rel}","templated":true}]}}